{"id":100,"date":"2022-03-01T18:44:00","date_gmt":"2022-03-01T18:44:00","guid":{"rendered":"https:\/\/cursomusicabenicassim.eu\/?page_id=100"},"modified":"2026-02-05T03:27:20","modified_gmt":"2026-02-05T03:27:20","slug":"matricula","status":"publish","type":"page","link":"https:\/\/cursomusicabenicassim.eu\/va\/matricula\/","title":{"rendered":"Matr\u00edcula"},"content":{"rendered":"\r\n<p style=\"font-size: 25px; font-style: normal; font-weight: 400;\"><strong>Preu de la matr\u00edcula: 420\u20ac<\/strong><\/p>\r\n\r\n\r\n\r\n<p style=\"font-style: normal; font-weight: 400;\">Inclou:<\/p>\r\n\r\n\r\n\r\n<ul class=\"wp-block-list\" style=\"font-style: normal; font-weight: 400;\">\r\n \t<li style=\"list-style-type: none;\">\r\n<ul style=\"font-style: normal; font-weight: 400;\">\r\n \t<li>1 classe col\u00b7lectiva di\u00e0ria amb el seu professor\/a<\/li>\r\n \t<li>3 classes individuals<\/li>\r\n \t<li>2 classes d&#8217;orquestra \/ cambra al dia<\/li>\r\n \t<li>Assist\u00e8ncia als concerts del Festival de M\u00fasica de Cambra \u201cCordes a la Mar\u201d&nbsp;<\/li>\r\n \t<li>Participaci\u00f3 en el concert de clausura del Festival de M\u00fasica de Cambra \u201cCordes a la Mar\u201d&nbsp;<\/li>\r\n \t<li>La possibilitat de participar en el concert d&#8217;alumnes del divendres del Festival de M\u00fasica de Cambra \u201cCordes a la Mar\u201d.<\/li>\r\n \t<li>1 samarreta del curs<\/li>\r\n \t<li>Acc\u00e9s a totes les classes com a oient<\/li>\r\n<\/ul>\r\n<\/li>\r\n<\/ul>\r\n\r\n\r\n<!-- \/wp:post-content -->\r\n\r\n<!-- wp:paragraph {\"style\":{\"typography\":{\"fontStyle\":\"normal\",\"fontWeight\":\"400\"}}} -->\r\n<p style=\"font-style: normal; font-weight: 400;\">La data l\u00edmit per enviar la <strong>SO.LICITUD D\u00b4INSCRIPCI\u00d3N<\/strong> es el <strong>30 de juny de 2026.<\/strong><\/p>\r\n<!-- \/wp:paragraph -->\r\n\r\n<!-- wp:paragraph -->\r\n\r\nPer a facilitar la participaci\u00f3 d\u00b4alumnes d\u00b4una mateixa familia, apliquem un preu redu\u00eft per alumne.\r\n\r\n<!-- \/wp:paragraph -->\r\n\r\n<!-- wp:paragraph -->\r\n\r\n2 alumnes de la mateixa familia que es matriculen al curs: 410\u20ac per alumne\r\n\r\n<!-- \/wp:paragraph -->\r\n\r\n<!-- wp:paragraph -->\r\n\r\n3 alumnes de la mateixa familia que es matriculen al curso: 400\u20ac per alumne\r\n\r\n<!-- \/wp:paragraph -->\r\n\r\n<!-- wp:paragraph -->\r\n\r\n<!-- \/wp:paragraph -->\r\n\r\n<!-- wp:buttons -->\r\n<div class=\"wp-block-buttons\">\r\n\r\n<!-- wp:button {\"backgroundColor\":\"vivid-cyan-blue\",\"textColor\":\"white\",\"className\":\"aligncenter\"} -->\r\n<div class=\"wp-block-button aligncenter\"><a class=\"wp-block-button__link has-white-color has-vivid-cyan-blue-background-color has-text-color has-background wp-element-button\" href=\"https:\/\/cursomusicabenicassim.eu\/registro-de-matricula\/\" target=\"_blank\" rel=\"noreferrer noopener\"><strong>Formulari d\u00b4inscripci\u00f3n<\/strong><\/a><\/div>\r\n<!-- \/wp:button -->\r\n\r\n<\/div>\r\n<!-- \/wp:buttons -->\r\n\r\n<!-- wp:paragraph {\"style\":{\"typography\":{\"fontStyle\":\"normal\",\"fontWeight\":\"400\"}}} -->\r\n<p style=\"font-style: normal; font-weight: 400;\">Els pagaments es faran de la seg\u00fcent manera:<\/p>\r\n<!-- \/wp:paragraph -->\r\n\r\n<!-- wp:paragraph {\"style\":{\"typography\":{\"fontStyle\":\"normal\",\"fontWeight\":\"400\"}}} -->\r\n<p style=\"font-style: normal; font-weight: 400;\">Reserva de pla\u00e7a: 60\u20ac. El preu de la reserva s&#8217;haur\u00e0 de fer en el moment de fer la matr\u00edcula i aquesta quantitat no ser\u00e0 retornada en cas de cancel\u00b7laci\u00f3.<\/p>\r\n<!-- \/wp:paragraph -->\r\n\r\n<!-- wp:paragraph {\"style\":{\"typography\":{\"fontStyle\":\"normal\",\"fontWeight\":\"400\"}},\"fontSize\":\"small\"} -->\r\n<p class=\"has-small-font-size\" style=\"font-style: normal; font-weight: 400;\">(enviar per favor al correu del curs, un justificant de pagament escanejat\/foto)<\/p>\r\n<!-- \/wp:paragraph -->\r\n\r\n<!-- wp:paragraph {\"style\":{\"typography\":{\"fontStyle\":\"normal\",\"fontWeight\":\"400\"}}} -->\r\n<p style=\"font-style: normal; font-weight: 400;\">La resta de la quantitat (360\u20ac) \/ [(350\u20ac) o (340\u20ac) en el cas de mes d\u00b4un alumne per familia] es deur\u00e0 ingressar <strong>abans del 30 de juny de 2026.<\/strong><\/p>\r\n<!-- \/wp:paragraph -->\r\n\r\n<!-- wp:paragraph {\"style\":{\"typography\":{\"fontStyle\":\"normal\",\"fontWeight\":\"400\"}},\"fontSize\":\"small\"} -->\r\n<p class=\"has-small-font-size\" style=\"font-style: normal; font-weight: 400;\"><!-- \/wp:paragraph --><\/p>\r\n<!-- wp:paragraph {\"style\":{\"typography\":{\"fontStyle\":\"normal\",\"fontWeight\":\"400\"}},\"fontSize\":\"small\"} -->\r\n<p class=\"has-small-font-size\" style=\"font-style: normal; font-weight: 400;\">(enviar per favor al correu del curs, un justificant de pagament escanejat\/foto)<\/p>\r\n&nbsp;\r\n\r\n<!-- \/wp:paragraph -->\r\n\r\n<!-- wp:paragraph {\"style\":{\"typography\":{\"fontSize\":\"25px\",\"fontStyle\":\"normal\",\"fontWeight\":\"400\"}}} -->\r\n<p style=\"font-size: 25px; font-style: normal; font-weight: 400;\"><strong>Preu de l&#8217;allotjament: 140\u20ac<\/strong><\/p>\r\n<!-- \/wp:paragraph -->\r\n\r\n<!-- wp:paragraph {\"style\":{\"typography\":{\"fontStyle\":\"normal\",\"fontWeight\":\"400\"}}} -->\r\n<p style=\"font-style: normal; font-weight: 400;\">Inclou:<\/p>\r\n<!-- \/wp:paragraph -->\r\n\r\n<!-- wp:list {\"style\":{\"typography\":{\"fontStyle\":\"normal\",\"fontWeight\":\"400\"}}} -->\r\n<ul style=\"font-style: normal; font-weight: 400;\">\r\n \t<li>Allotjament a l&#8217;Alberg Argentina amb pensi\u00f3 completa (desdejuni, menjar i sopar).<\/li>\r\n<\/ul>\r\n<!-- \/wp:list -->\r\n\r\n<!-- wp:paragraph {\"align\":\"center\",\"style\":{\"typography\":{\"fontStyle\":\"normal\",\"fontWeight\":\"400\"}}} -->\r\n<p class=\"has-text-align-left\" style=\"font-style: normal; font-weight: 400;\">El total del preu de l&#8217;allotjament s&#8217;haur\u00e0 d&#8217;ingressar&nbsp;<strong>abans de l&#8217;1 de juliol de 2026.<\/strong><\/p>\r\n<!-- \/wp:paragraph -->\r\n\r\n<!-- wp:paragraph {\"style\":{\"typography\":{\"fontStyle\":\"normal\",\"fontWeight\":\"400\"}}} -->\r\n<p style=\"font-style: normal; font-weight: 400;\">El pagament deur\u00e0 fer-se a trav\u00e9s d&#8217;ingr\u00e9s\/transfer\u00e8ncia al compte corrent: <strong>ES18 0049 5173 8023 1617 1980<\/strong><strong data-rich-text-format-boundary=\"true\">&nbsp;<\/strong>a:&nbsp;<strong>ESCUELA DE MUSICA EL VIOLIN PIZZICATO C.B.<\/strong>&nbsp;de l&#8217;entitat <strong>BANCO SANTANDER<\/strong>&nbsp;indicant: <strong>CMB + nom i cognoms de l&#8217;alumne.<\/strong><\/p>\r\n<!-- \/wp:paragraph -->\r\n\r\n<!-- wp:paragraph {\"style\":{\"typography\":{\"fontStyle\":\"normal\",\"fontWeight\":\"400\"}},\"fontSize\":\"small\"} -->\r\n<p class=\"has-small-font-size\" style=\"font-style: normal; font-weight: 400;\">(enviar per favor al correu del curs, un justificant de pagament escanejat\/foto)<\/p>\r\n<!-- \/wp:paragraph -->\r\n<!-- wp:paragraph -->\r\n\r\n<!-- \/wp:paragraph -->\r\n\r\n<!-- wp:paragraph -->\r\n\r\n<!-- \/wp:paragraph -->\r\n\r\n<!-- wp:paragraph -->\r\n\r\n<!-- \/wp:paragraph -->","protected":false},"excerpt":{"rendered":"<p>Preu de la matr\u00edcula: 420\u20ac Inclou: 1 classe col\u00b7lectiva di\u00e0ria amb el seu professor\/a 3 classes individuals 2 classes d&#8217;orquestra \/ cambra al dia Assist\u00e8ncia als concerts del Festival de M\u00fasica de Cambra \u201cCordes a la Mar\u201d&nbsp; Participaci\u00f3 en el concert de clausura del Festival de M\u00fasica de Cambra \u201cCordes a la Mar\u201d&nbsp; La possibilitat [&hellip;]<\/p>\n","protected":false},"author":2,"featured_media":0,"parent":0,"menu_order":4,"comment_status":"closed","ping_status":"closed","template":"","meta":{"footnotes":""},"class_list":["post-100","page","type-page","status-publish","hentry"],"amp_enabled":true,"_links":{"self":[{"href":"https:\/\/cursomusicabenicassim.eu\/va\/wp-json\/wp\/v2\/pages\/100","targetHints":{"allow":["GET"]}}],"collection":[{"href":"https:\/\/cursomusicabenicassim.eu\/va\/wp-json\/wp\/v2\/pages"}],"about":[{"href":"https:\/\/cursomusicabenicassim.eu\/va\/wp-json\/wp\/v2\/types\/page"}],"author":[{"embeddable":true,"href":"https:\/\/cursomusicabenicassim.eu\/va\/wp-json\/wp\/v2\/users\/2"}],"replies":[{"embeddable":true,"href":"https:\/\/cursomusicabenicassim.eu\/va\/wp-json\/wp\/v2\/comments?post=100"}],"version-history":[{"count":76,"href":"https:\/\/cursomusicabenicassim.eu\/va\/wp-json\/wp\/v2\/pages\/100\/revisions"}],"predecessor-version":[{"id":1235,"href":"https:\/\/cursomusicabenicassim.eu\/va\/wp-json\/wp\/v2\/pages\/100\/revisions\/1235"}],"wp:attachment":[{"href":"https:\/\/cursomusicabenicassim.eu\/va\/wp-json\/wp\/v2\/media?parent=100"}],"curies":[{"name":"wp","href":"https:\/\/api.w.org\/{rel}","templated":true}]}}