{"id":104,"date":"2022-03-01T18:45:33","date_gmt":"2022-03-01T18:45:33","guid":{"rendered":"https:\/\/cursomusicabenicassim.eu\/?page_id=104"},"modified":"2022-04-26T18:55:32","modified_gmt":"2022-04-26T18:55:32","slug":"alojamiento","status":"publish","type":"page","link":"https:\/\/cursomusicabenicassim.eu\/va\/alojamiento\/","title":{"rendered":"Allotjament"},"content":{"rendered":"\r\n<p style=\"font-style: normal; font-weight: 400;\">L&#8217;Alberg Juvenil Argentina ocupa un edifici dels anys quaranta d&#8217;estil mariner totalment renovat l&#8217;any 2009, situat en primera l\u00ednia de platja al cor de la zona tur\u00edstica de Benic\u00e0ssim, al costat de l&#8217;escola de Vela.<\/p>\r\n\r\n\r\n\r\n<p style=\"font-style: normal; font-weight: 400;\">Les seues parets blanques i la pineda de l&#8217;entrada contrasten amb la resta de les modernes construccions que l&#8217;envolten i li donen un cert encant. A m\u00e9s a m\u00e9s, est\u00e0 en primera l\u00ednia de platja, a pocs metres de la mar, i disposa d&#8217;una \u00e0mplia platja d&#8217;arena fina. Est\u00e0 estructurat en dues plantes.\/p&gt;\r\n<\/p>\r\n\r\n<p style=\"font-style: normal; font-weight: 400;\">A la planta baixa hi ha algunes habitacions, 24 places adaptades per a persones amb discapacitat, el menjador, la sala d&#8217;estar, les aules i altres serveis de l&#8217;alberg. La resta d&#8217;habitacions s\u00f3n al primer pis. I a la part posterior hi ha una esplanada amb pistes esportives, les piscines i una zona per a vetlades.<\/p>\r\n\r\n\r\n\r\n<figure class=\"wp-block-embed is-type-video is-provider-youtube wp-block-embed-youtube wp-embed-aspect-16-9 wp-has-aspect-ratio\"><div class=\"wp-block-embed__wrapper\">\r\n<iframe loading=\"lazy\" title=\"Alberg juvenil Argentina. Benic\u00e0ssim\" width=\"640\" height=\"360\" src=\"https:\/\/www.youtube.com\/embed\/sacyfnnZ7s0?start=23&#038;feature=oembed\" frameborder=\"0\" allow=\"accelerometer; autoplay; clipboard-write; encrypted-media; gyroscope; picture-in-picture; web-share\" referrerpolicy=\"strict-origin-when-cross-origin\" allowfullscreen><\/iframe>\r\n<\/div><\/figure>\r\n\r\n\r\n\r\n<h3 class=\"wp-block-heading\" style=\"font-style: normal; font-weight: 400;\"><strong>Com aplegar a l&#8217;alberg<\/strong><\/h3>\r\n\r\n\r\n\r\n<ul class=\"wp-block-list\">\r\n \t<li>Cotxe: carretera N-340; autopista A-7,eixida 46 (Castell\u00f3 nord)&nbsp;<\/li>\r\n \t<li>Tren: RENFE (info. tel. 912 320 320 )&nbsp;<\/li>\r\n \t<li>Autob\u00fas: empresa Mediterr\u00e1neo Castell\u00f3n &#8211; Benic\u00e0ssim (info. tel. 964 22 00 54)<\/li>\r\n<\/ul>\r\n\r\n\r\n\r\n\r\n\r\n\r\n\r\n<div class=\"wp-block-group\"><div class=\"wp-block-group__inner-container is-layout-flow wp-block-group-is-layout-flow\"><div id=\"wpgmza_map\" class=\"wpgmza_map\" data-settings='{\"id\":\"1\",\"map_title\":\"Benic\\u00e0ssim\",\"map_width\":\"100\",\"map_height\":\"400\",\"map_start_lat\":\"40.04615705000003\",\"map_start_lng\":\"0.062096112226369335\",\"map_start_location\":\"45.950464398418106,-109.81550500000003\",\"map_start_zoom\":\"16\",\"default_marker\":\"\",\"type\":\"0\",\"alignment\":\"4\",\"directions_enabled\":\"0\",\"styling_enabled\":\"0\",\"styling_json\":\"\",\"active\":\"0\",\"kml\":\"\",\"bicycle\":\"0\",\"traffic\":\"0\",\"dbox\":\"0\",\"dbox_width\":\"\",\"listmarkers\":\"0\",\"listmarkers_advanced\":\"0\",\"filterbycat\":\"0\",\"ugm_enabled\":\"0\",\"ugm_category_enabled\":\"0\",\"fusion\":\"\",\"map_width_type\":\"%\",\"map_height_type\":\"px\",\"mass_marker_support\":\"0\",\"ugm_access\":\"0\",\"order_markers_by\":\"0\",\"order_markers_choice\":\"0\",\"show_user_location\":\"0\",\"default_to\":\"\",\"other_settings\":{\"map_type\":1,\"sl_stroke_color\":\"\",\"sl_fill_color\":\"\",\"sl_stroke_opacity\":\"\",\"sl_fill_opacity\":\"\",\"transport_layer\":false,\"action\":\"wpgmza_save_map\",\"redirect_to\":\"\\\/wp-admin\\\/admin-post.php\",\"map_id\":\"1\",\"http_referer\":\"\\\/wp-admin\\\/admin.php?page=wp-google-maps-menu&amp;amp;override=1&amp;amp;action=edit&amp;amp;map_id=1\",\"wpgmza_id\":\"1\",\"wpgmza_start_location\":\"40.04615705000003,0.062096112226369335\",\"wpgmza_start_zoom\":\"17\",\"store_locator_enabled\":false,\"store_locator_search_area\":\"radial\",\"wpgmza_store_locator_radius_style\":\"legacy\",\"wpgmza_store_locator_default_radius\":\"10\",\"store_locator_auto_area_max_zoom\":\"\",\"store_locator_distance\":false,\"wpgmza_store_locator_position\":false,\"store_locator_show_distance\":false,\"store_locator_category\":false,\"wpgmza_store_locator_use_their_location\":false,\"wpgmza_store_locator_bounce\":false,\"wpgmza_sl_animation\":null,\"wpgmza_store_locator_hide_before_search\":false,\"store_locator_query_string\":\"\",\"store_locator_default_address\":\"\",\"store_locator_name_search\":false,\"store_locator_name_string\":\"\",\"store_locator_not_found_message\":\"\",\"wpgmza_map_align\":\"1\",\"jump_to_nearest_marker_on_initialization\":false,\"automatically_pan_to_users_location\":false,\"override_users_location_zoom_level\":false,\"override_users_location_zoom_levels\":\"\",\"show_distance_from_location\":false,\"map_max_zoom\":\"21\",\"map_min_zoom\":\"0\",\"click_open_link\":false,\"fit_maps_bounds_to_markers\":false,\"fit_maps_bounds_to_markers_after_filtering\":false,\"hide_point_of_interest\":false,\"wpgmza_zoom_on_marker_click\":false,\"wpgmza_zoom_on_marker_click_slider\":\"\",\"close_infowindow_on_map_click\":false,\"disable_lightbox_images\":false,\"use_Raw_Jpeg_Coordinates\":false,\"disable_polygon_info_windows\":false,\"enable_marker_ratings\":false,\"only_load_markers_within_viewport\":false,\"iw_primary_color\":\"#000000\",\"iw_accent_color\":\"#000000\",\"iw_text_color\":\"#000000\",\"wpgmza_listmarkers_by\":\"0\",\"wpgmza_marker_listing_position\":false,\"zoom_level_on_marker_listing_override\":false,\"zoom_level_on_marker_listing_click\":\"\",\"datatable_no_result_message\":\"\",\"remove_search_box_datables\":false,\"dataTable_pagination_style\":null,\"datatable_search_string\":\"\",\"datatable_result_start\":\"\",\"datatable_result_of\":\"\",\"datatable_result_to\":\"\",\"datatable_result_total\":\"\",\"datatable_result_show\":\"\",\"datatable_result_entries\":\"\",\"wpgmza_savemap\":\"Save Map \\u00bb\"}}' data-map-id='1' Data-maps-engine='open-layers' data-shortcode-attributes='{\"id\":\"1\"}' style=\"display:block; overflow:auto; width:100%; height:400px; float:left;\"><\/div><\/div><\/div>\r\n\r\n\r\n\r\n\r\n","protected":false},"excerpt":{"rendered":"<p>L&#8217;Alberg Juvenil Argentina ocupa un edifici dels anys quaranta d&#8217;estil mariner totalment renovat l&#8217;any 2009, situat en primera l\u00ednia de platja al cor de la zona tur\u00edstica de Benic\u00e0ssim, al costat de l&#8217;escola de Vela. Les seues parets blanques i la pineda de l&#8217;entrada contrasten amb la resta de les modernes construccions que l&#8217;envolten i [&hellip;]<\/p>\n","protected":false},"author":2,"featured_media":0,"parent":0,"menu_order":5,"comment_status":"closed","ping_status":"closed","template":"","meta":{"footnotes":""},"class_list":["post-104","page","type-page","status-publish","hentry"],"amp_enabled":true,"_links":{"self":[{"href":"https:\/\/cursomusicabenicassim.eu\/va\/wp-json\/wp\/v2\/pages\/104","targetHints":{"allow":["GET"]}}],"collection":[{"href":"https:\/\/cursomusicabenicassim.eu\/va\/wp-json\/wp\/v2\/pages"}],"about":[{"href":"https:\/\/cursomusicabenicassim.eu\/va\/wp-json\/wp\/v2\/types\/page"}],"author":[{"embeddable":true,"href":"https:\/\/cursomusicabenicassim.eu\/va\/wp-json\/wp\/v2\/users\/2"}],"replies":[{"embeddable":true,"href":"https:\/\/cursomusicabenicassim.eu\/va\/wp-json\/wp\/v2\/comments?post=104"}],"version-history":[{"count":23,"href":"https:\/\/cursomusicabenicassim.eu\/va\/wp-json\/wp\/v2\/pages\/104\/revisions"}],"predecessor-version":[{"id":902,"href":"https:\/\/cursomusicabenicassim.eu\/va\/wp-json\/wp\/v2\/pages\/104\/revisions\/902"}],"wp:attachment":[{"href":"https:\/\/cursomusicabenicassim.eu\/va\/wp-json\/wp\/v2\/media?parent=104"}],"curies":[{"name":"wp","href":"https:\/\/api.w.org\/{rel}","templated":true}]}}